{"id":226834,"date":"2021-01-10T10:33:04","date_gmt":"2021-01-10T09:33:04","guid":{"rendered":"https:\/\/gaiaotthon.hu\/?page_id=226834"},"modified":"2025-06-16T12:16:41","modified_gmt":"2025-06-16T10:16:41","slug":"adatvedelmi-tajekoztato","status":"publish","type":"page","link":"https:\/\/gaiaszive.hu\/?page_id=226834","title":{"rendered":"ADATV\u00c9DELMI T\u00c1J\u00c9KOZTAT\u00d3 \u00c9S NYILATKOZAT"},"content":{"rendered":"<p>[et_pb_section fb_built=&#8221;1&#8243; _builder_version=&#8221;4.16&#8243; custom_padding=&#8221;7px||41px|||&#8221; global_colors_info=&#8221;{}&#8221;][et_pb_row _builder_version=&#8221;4.16&#8243; background_size=&#8221;initial&#8221; background_position=&#8221;top_left&#8221; background_repeat=&#8221;repeat&#8221; custom_padding=&#8221;24px|||||&#8221; global_colors_info=&#8221;{}&#8221;][et_pb_column type=&#8221;4_4&#8243; _builder_version=&#8221;4.16&#8243; custom_padding=&#8221;|||&#8221; global_colors_info=&#8221;{}&#8221; custom_padding__hover=&#8221;|||&#8221;][et_pb_text _builder_version=&#8221;4.17.4&#8243; background_size=&#8221;initial&#8221; background_position=&#8221;top_left&#8221; background_repeat=&#8221;repeat&#8221; hover_enabled=&#8221;0&#8243; global_colors_info=&#8221;{}&#8221; sticky_enabled=&#8221;0&#8243; ol_text_color=&#8221;#E8A026&#8243; ol_font_size=&#8221;24px&#8221; ol_font=&#8221;|700|||||||&#8221; header_2_font=&#8221;|||on|||||&#8221; header_2_text_color=&#8221;#000000&#8243;]<\/p>\n<h2 style=\"text-align: center;\"><strong>Adatv\u00e9delmi Nyilatkozat<\/strong><\/h2>\n<p><strong>Hat\u00e1lyos: 2025. m\u00e1jus 21-t\u0151l<\/strong><br \/><strong>Weboldal:<\/strong> <a href=\"https:\/\/gaiaotthon.hu\">https:\/\/gaiaotthon.hu<\/a><\/p>\n<ol>\n<li><strong> Adatkezel\u0151k<\/strong><\/li>\n<\/ol>\n<p>A weboldal \u00fczemeltet\u0151je \u00e9s adatkezel\u0151je:<br \/><strong>Gaia Otthon Kft.<\/strong><br \/>Sz\u00e9khely: 6000 Kecskem\u00e9t, F\u00e1klya utca 8. 1. em. 2.<br \/>Ad\u00f3sz\u00e1m: 27319291-2-03<br \/>C\u00e9gjegyz\u00e9ksz\u00e1m: 03 09 133417<br \/>E-mail: iroda@gaiaotthon.hu<br \/>Telefon: +36 20 957 5288<br \/>K\u00e9pviseli: T\u00f3th S\u00e1ndor \u00fcgyvezet\u0151<\/p>\n<ol start=\"2\">\n<li><strong> Kezelt szem\u00e9lyes adatok k\u00f6re<\/strong><\/li>\n<\/ol>\n<p>A weboldalon kereszt\u00fcl kiz\u00e1r\u00f3lag a felhaszn\u00e1l\u00f3k \u00f6nk\u00e9ntes megad\u00e1s\u00e1val t\u00f6rt\u00e9nik adatgy\u0171jt\u00e9s, p\u00e9ld\u00e1ul:<\/p>\n<ul>\n<li>n\u00e9v, e-mail c\u00edm, telefonsz\u00e1m (kapcsolatfelv\u00e9tel sor\u00e1n),<\/li>\n<li>h\u00edrlev\u00e9l-feliratkoz\u00e1s (j\u00f6v\u0151beni funkci\u00f3),<\/li>\n<li>IP-c\u00edm \u00e9s s\u00fctikezel\u00e9s az oldal m\u0171k\u00f6d\u00e9s\u00e9nek \u00e9s l\u00e1togatotts\u00e1g\u00e1nak elemz\u00e9s\u00e9hez.<\/li>\n<\/ul>\n<ol start=\"3\">\n<li><strong> Az adatkezel\u00e9s c\u00e9lja<\/strong><\/li>\n<\/ol>\n<ul>\n<li>kapcsolatfelv\u00e9tel, \u00e1raj\u00e1nlat-k\u00e9r\u00e9s v\u00e1laszad\u00e1sa,<\/li>\n<li>saj\u00e1t szolg\u00e1ltat\u00e1sok \u00e9s portf\u00f3li\u00f3 bemutat\u00e1sa,<\/li>\n<li>a weboldal m\u0171k\u00f6dtet\u00e9se, l\u00e1togatotts\u00e1g elemz\u00e9se (pl. Google Analytics, Meta Pixel),<\/li>\n<li>j\u00f6v\u0151beni h\u00edrlevelek k\u00fcld\u00e9se a feliratkoz\u00f3k sz\u00e1m\u00e1ra.<\/li>\n<\/ul>\n<ol start=\"4\">\n<li><strong> S\u00fctik (cookie-k) haszn\u00e1lata<\/strong><\/li>\n<\/ol>\n<p>A weboldal s\u00fctiket alkalmaz a m\u0171k\u00f6d\u00e9s \u00e9s a felhaszn\u00e1l\u00f3i \u00e9lm\u00e9ny jav\u00edt\u00e1sa c\u00e9lj\u00e1b\u00f3l. A s\u00fctik k\u00f6z\u00e9 tartoznak:<\/p>\n<ul>\n<li><strong>technikai (alapm\u0171k\u00f6d\u00e9shez sz\u00fcks\u00e9ges)<\/strong> s\u00fctik,<\/li>\n<li><strong>analitikai s\u00fctik<\/strong> (Google Analytics, Facebook Pixel stb.),<\/li>\n<li><strong>marketing s\u00fctik<\/strong> (a j\u00f6v\u0151ben lehets\u00e9ges).<\/li>\n<\/ul>\n<p>A r\u00e9szletes s\u00fcti-kezel\u00e9s a weboldalon k\u00fcl\u00f6n fel\u00fcleten jelenik majd meg a s\u00fctibot integr\u00e1l\u00e1s\u00e1t k\u00f6vet\u0151en.<\/p>\n<ol start=\"5\">\n<li><strong> Adatok meg\u0151rz\u00e9si ideje<\/strong><\/li>\n<\/ol>\n<p>Az adatokat a hat\u00e1lyos jogszab\u00e1lyokban meghat\u00e1rozott ideig \u0151rizz\u00fck meg, illetve addig, am\u00edg az adatkezel\u00e9s c\u00e9lja meg nem sz\u0171nik.<\/p>\n<ol start=\"6\">\n<li><strong> \u00c9rintetti jogok<\/strong><\/li>\n<\/ol>\n<p>A felhaszn\u00e1l\u00f3k jogosultak:<\/p>\n<ul>\n<li>t\u00e1j\u00e9koztat\u00e1st k\u00e9rni a kezelt adataikr\u00f3l,<\/li>\n<li>k\u00e9rni azok helyesb\u00edt\u00e9s\u00e9t, t\u00f6rl\u00e9s\u00e9t,<\/li>\n<li>tiltakozni az adatkezel\u00e9s ellen,<\/li>\n<li>panasszal \u00e9lni a Nemzeti Adatv\u00e9delmi \u00e9s Inform\u00e1ci\u00f3szabads\u00e1g Hat\u00f3s\u00e1gn\u00e1l (NAIH).<\/li>\n<\/ul>\n<ol start=\"7\">\n<li><strong> T\u00e1rhelyszolg\u00e1ltat\u00f3<\/strong><\/li>\n<\/ol>\n<p>A weboldalt \u00fczemeltet\u0151 t\u00e1rhelyszolg\u00e1ltat\u00f3 adatai (friss\u00edt\u00e9s alatt \u2013 k\u00f6zz\u00e9tessz\u00fck, amint pontos\u00edtva van).<\/p>\n<p>&nbsp;<\/p>\n<p>[\/et_pb_text][\/et_pb_column][\/et_pb_row][\/et_pb_section]<\/p>\n","protected":false},"excerpt":{"rendered":"<p>Adatv\u00e9delmi Nyilatkozat Hat\u00e1lyos: 2025. m\u00e1jus 21-t\u0151lWeboldal: https:\/\/gaiaotthon.hu Adatkezel\u0151k A weboldal \u00fczemeltet\u0151je \u00e9s adatkezel\u0151je:Gaia Otthon Kft.Sz\u00e9khely: 6000 Kecskem\u00e9t, F\u00e1klya utca 8. 1. em. 2.Ad\u00f3sz\u00e1m: 27319291-2-03C\u00e9gjegyz\u00e9ksz\u00e1m: 03 09 133417E-mail: iroda@gaiaotthon.huTelefon: +36 20 957 5288K\u00e9pviseli: T\u00f3th S\u00e1ndor \u00fcgyvezet\u0151 Kezelt szem\u00e9lyes adatok k\u00f6re A weboldalon kereszt\u00fcl kiz\u00e1r\u00f3lag a felhaszn\u00e1l\u00f3k \u00f6nk\u00e9ntes megad\u00e1s\u00e1val t\u00f6rt\u00e9nik adatgy\u0171jt\u00e9s, p\u00e9ld\u00e1ul: n\u00e9v, e-mail c\u00edm, telefonsz\u00e1m (kapcsolatfelv\u00e9tel [&hellip;]<\/p>\n","protected":false},"author":1,"featured_media":0,"parent":0,"menu_order":0,"comment_status":"closed","ping_status":"closed","template":"","meta":{"_et_pb_use_builder":"on","_et_pb_old_content":"<!-- wp:heading -->\n<h2>Kik vagyunk<\/h2>\n<!-- \/wp:heading -->\n\n<!-- wp:paragraph -->\n<p>A weboldalunk c\u00edme: https:\/\/gaiaotthon.hu.<\/p>\n<!-- \/wp:paragraph -->\n\n<!-- wp:heading -->\n<h2>Melyek azok a szem\u00e9lyes adatok, amiket gy\u0171jt\u00fcnk \u00e9s milyen c\u00e9llal gy\u0171jtj\u00fck ezeket<\/h2>\n<!-- \/wp:heading -->\n\n<!-- wp:heading {\"level\":3} -->\n<h3>Hozz\u00e1sz\u00f3l\u00e1sok<\/h3>\n<!-- \/wp:heading -->\n\n<!-- wp:paragraph -->\n<p>Hozz\u00e1sz\u00f3l\u00e1s bek\u00fcld\u00e9sekor a hozz\u00e1sz\u00f3l\u00e1si \u0171rlapban megadottakon k\u00edv\u00fcl begy\u0171jt\u00e9sre ker\u00fcl a hozz\u00e1sz\u00f3l\u00f3 IP c\u00edme \u00e9s a b\u00f6ng\u00e9sz\u0151azonos\u00edt\u00f3 karakterl\u00e1nc a k\u00e9retlen tartalmak kisz\u0171r\u00e9se c\u00e9lj\u00e1b\u00f3l.<\/p>\n<!-- \/wp:paragraph -->\n\n<!-- wp:paragraph -->\n<p>Egy szem\u00e9lytelen\u00edtett, az e-mail c\u00edmb\u0151l el\u0151\u00e1ll\u00edtott karakterl\u00e1nc (hashnek szok\u00e1s nevezni) ker\u00fcl tov\u00e1bb\u00edt\u00e1sra a Gravatar szolg\u00e1ltat\u00e1s fel\u00e9, ha ez az oldalon haszn\u00e1latban van. A Gravatar szolg\u00e1ltat\u00e1s felt\u00e9telei az al\u00e1bbi c\u00edmen tekinthet\u0151ek meg: https:\/\/automattic.com\/privacy\/. A hozz\u00e1sz\u00f3l\u00e1s elfogad\u00e1sa ut\u00e1n, a hozz\u00e1sz\u00f3l\u00e1sunk tartalma \u00e9s a profil k\u00e9p\u00fcnk is megjelenik nyilv\u00e1nosan.<\/p>\n<!-- \/wp:paragraph -->\n\n<!-- wp:heading {\"level\":3} -->\n<h3>M\u00e9dia<\/h3>\n<!-- \/wp:heading -->\n\n<!-- wp:paragraph -->\n<p>Amennyiben regisztr\u00e1lt felhaszn\u00e1l\u00f3 \u00e1ltal ker\u00fcl k\u00e9p felt\u00f6lt\u00e9sre a honlapra, ker\u00fclni kell az az olyan EXIF-eket, amelyekben GPS poz\u00edci\u00f3 adatok is szerepelnek. A honlap l\u00e1togat\u00f3i ezeket let\u00f6lthetik \u00e9s kinyerhetik a helyadatokat a honlapon tal\u00e1lhat\u00f3 k\u00e9pekb\u0151l.<\/p>\n<!-- \/wp:paragraph -->\n\n<!-- wp:heading {\"level\":3} -->\n<h3>Kapcsolatfelv\u00e9teli \u0171rlapok<\/h3>\n<!-- \/wp:heading -->\n\n<!-- wp:heading {\"level\":3} -->\n<h3>S\u00fctik<\/h3>\n<!-- \/wp:heading -->\n\n<!-- wp:paragraph -->\n<p>Ha hozz\u00e1sz\u00f3l\u00e1st \u00edrunk a honlapon, a megadott nevet, e-mail \u00e9s honlap c\u00edmet s\u00fctikben elt\u00e1roljuk. A t\u00e1rol\u00e1s a k\u00e9nyelmi c\u00e9lokat szolg\u00e1l az\u00e9rt, \u00edgy a k\u00f6vetkez\u0151 hozz\u00e1sz\u00f3l\u00e1skor ezeket a mez\u0151 adatokat nem kell kit\u00f6lteni. A s\u00fctik lej\u00e1rati ideje egy \u00e9v.<\/p>\n<!-- \/wp:paragraph -->\n\n<!-- wp:paragraph -->\n<p>Ha ell\u00e1togatunk a bejelentkez\u00e9si oldalra, akkor \u00e1tmeneti s\u00fctiket \u00e1ll\u00edtunk be annak \u00e9rdek\u00e9ben, hogy meg\u00e1llap\u00edtsuk, hogy a b\u00f6ng\u00e9sz\u0151 elfogadja-e a s\u00fctiket. Ezek a s\u00fctik nem tartalmaznak szem\u00e9lyes inform\u00e1ci\u00f3t, \u00e9s t\u00f6rl\u0151dnek, ahogy bez\u00e1rjuk a b\u00f6ng\u00e9sz\u0151t.<\/p>\n<!-- \/wp:paragraph -->\n\n<!-- wp:paragraph -->\n<p>A honlapra t\u00f6rt\u00e9n\u0151 bejelentkez\u00e9skor t\u00f6bb s\u00fctit hozunk l\u00e9tre, amely elmenti a bejelentkez\u00e9si inform\u00e1ci\u00f3t \u00e9s a szerkeszt\u0151fel\u00fclet megjelen\u00edt\u00e9si opci\u00f3it. A bejelentkez\u00e9si s\u00fctik k\u00e9t napig \u00e9rv\u00e9nyesek, a szerkeszt\u0151fel\u00fclet megjelen\u00edt\u00e9si opci\u00f3it t\u00e1rol\u00f3 s\u00fcti egy \u00e9vig. Amennyiben az  \"Eml\u00e9kezz r\u00e1m\" opci\u00f3t bejel\u00f6lj\u00fck, a bejelentkez\u00e9s k\u00e9t h\u00e9tig folytat\u00f3dik. Kijelentkez\u00e9skor a bejelentkez\u00e9si s\u00fctik elt\u00e1vol\u00edt\u00e1sra ker\u00fclnek.<\/p>\n<!-- \/wp:paragraph -->\n\n<!-- wp:paragraph -->\n<p>Amennyiben bejegyz\u00e9st vagy oldalt szerkeszt\u00fcnk, egy \u00fajabb s\u00fctit t\u00e1rol el a b\u00f6ng\u00e9sz\u0151nk. Ez a s\u00fcti nem tartalmaz szem\u00e9lyes adatot, egyszer\u0171en csak a bejegyz\u00e9s azonos\u00edt\u00f3 sz\u00e1m\u00e1t t\u00e1rolja, amelyet szerkesztett\u00fcnk. Egy nap m\u00falva j\u00e1r le az \u00e9rv\u00e9nyess\u00e9ge.<\/p>\n<!-- \/wp:paragraph -->\n\n<!-- wp:heading {\"level\":3} -->\n<h3>M\u00e1s honlapokr\u00f3l sz\u00e1rmaz\u00f3 be\u00e1gyazott tartalmak<\/h3>\n<!-- \/wp:heading -->\n\n<!-- wp:paragraph -->\n<p>A honlapon el\u00e9rhet\u0151 bejegyz\u00e9sek k\u00fcls\u0151 forr\u00e1sb\u00f3l sz\u00e1rmaz\u00f3 be\u00e1gyazott tartalmakat (pl. vide\u00f3k, k\u00e9pek, cikkek stb.) haszn\u00e1lhatnak. A k\u00fcls\u0151 forr\u00e1sb\u00f3l sz\u00e1rmaz\u00f3 be\u00e1gyazott tartalmak pontosan \u00fagy viselkednek, mintha megl\u00e1togattunk volna egy m\u00e1sik honlapot.<\/p>\n<!-- \/wp:paragraph -->\n\n<!-- wp:paragraph -->\n<p>Ezek a webhelyek lehets\u00e9ges, hogy adatot gy\u0171jtenek a l\u00e1togat\u00f3kr\u00f3l, s\u00fctiket vagy harmadik f\u00e9lt\u0151l sz\u00e1rmaz\u00f3 k\u00f6vet\u0151k\u00f3dot haszn\u00e1lnak, figyelik a be\u00e1gyazott tartalommal kapcsolatos felhaszn\u00e1l\u00f3i viselked\u00e9st, ha rendelkez\u00fcnk felhaszn\u00e1l\u00f3i fi\u00f3kkal \u00e9s be vagyunk jelentkezve az oldalra.<\/p>\n<!-- \/wp:paragraph -->\n\n<!-- wp:heading {\"level\":3} -->\n<h3>Analitika<\/h3>\n<!-- \/wp:heading -->\n\n<!-- wp:heading -->\n<h2>Kivel osztjuk meg a felhaszn\u00e1l\u00f3i adatokat<\/h2>\n<!-- \/wp:heading -->\n\n<!-- wp:paragraph -->\n<p>Ha jelsz\u00f3-vissza\u00e1ll\u00edt\u00e1st k\u00e9r, akkor az IP-c\u00edmet a vissza\u00e1ll\u00edt\u00f3 e-mail tartalmazza.<\/p>\n<!-- \/wp:paragraph -->\n\n<!-- wp:heading -->\n<h2>Mennyi ideig \u0151rizz\u00fck a szem\u00e9lyes adatot<\/h2>\n<!-- \/wp:heading -->\n\n<!-- wp:paragraph -->\n<p>Ha hozz\u00e1sz\u00f3lunk, a hozz\u00e1sz\u00f3l\u00e1s \u00e9s annak metaadatai nem meghat\u00e1rozhat\u00f3 ideig a rendszerben maradnak. Ennek c\u00e9lja, hogy az \u00f6sszes ezt k\u00f6vet\u0151 b\u00e1rmely hozz\u00e1sz\u00f3l\u00e1s \u00e1ltalunk megismertt\u00e9 \u00e9s j\u00f3v\u00e1hagyott\u00e1 v\u00e1ljon, azaz ne ker\u00fclj\u00f6n fel a moder\u00e1land\u00f3 hozz\u00e1sz\u00f3l\u00e1sok list\u00e1j\u00e1ra.<\/p>\n<!-- \/wp:paragraph -->\n\n<!-- wp:paragraph -->\n<p>A honlapon regisztr\u00e1lt felhaszn\u00e1l\u00f3k (ha vannak ilyenek) szem\u00e9lyes adatai a saj\u00e1t felhaszn\u00e1l\u00f3i profiljukban is t\u00e1rol\u00e1sra ker\u00fclnek. Minden felhaszn\u00e1l\u00f3 megtekintheti, szerkesztheti vagy t\u00f6r\u00f6lheti a szem\u00e9lyes adatait b\u00e1rmikor (kiv\u00e9ve, hogy nem v\u00e1ltoztathatja meg a saj\u00e1t felhaszn\u00e1l\u00f3i nev\u00e9t). A honlap rendszergazd\u00e1i ezen inform\u00e1ci\u00f3kat szint\u00e9n megtekinthetik \u00e9s szerkeszthetik.<\/p>\n<!-- \/wp:paragraph -->\n\n<!-- wp:heading -->\n<h2>Milyen jogokkal rendelkezik a felhaszn\u00e1l\u00f3 a saj\u00e1t adatai kapcs\u00e1n<\/h2>\n<!-- \/wp:heading -->\n\n<!-- wp:paragraph -->\n<p>A weboldalon regisztr\u00e1lt fi\u00f3k vagy hozz\u00e1sz\u00f3l\u00e1s \u00edr\u00e1sa eset\u00e9n k\u00e9rhet\u0151 a szem\u00e9lyes adatok export f\u00e1jlban t\u00f6rt\u00e9n\u0151 megk\u00fcld\u00e9se, amely b\u00e1rmilyen adatot tartalmaz, amit kor\u00e1bban a felhaszn\u00e1l\u00f3 rendelkez\u00e9s\u00fcnkre bocs\u00e1tott. K\u00e9rhet\u0151 tov\u00e1bb\u00e1, hogy b\u00e1rmilyen kor\u00e1bban megadott szem\u00e9lyes adatot t\u00f6r\u00f6lj\u00fck. Ez nem vonatkozik azokra az adatokra, amelyeket adminisztr\u00e1ci\u00f3s, jogi vagy biztons\u00e1gi okokb\u00f3l k\u00f6telez\u0151 meg\u0151rizn\u00fcnk.<\/p>\n<!-- \/wp:paragraph -->\n\n<!-- wp:heading -->\n<h2>Hov\u00e1 tov\u00e1bb\u00edtjuk az adatokat<\/h2>\n<!-- \/wp:heading -->\n\n<!-- wp:paragraph -->\n<p>A l\u00e1togat\u00f3k \u00e1ltal bek\u00fcld\u00f6tt hozz\u00e1sz\u00f3l\u00e1sokat automatikus spamsz\u0171r\u0151 szolg\u00e1ltat\u00e1s ellen\u0151rizheti.<\/p>\n<!-- \/wp:paragraph -->\n\n<!-- wp:heading -->\n<h2>Kapcsolati adatok<\/h2>\n<!-- \/wp:heading -->\n\n<!-- wp:heading -->\n<h2>Tov\u00e1bbi inform\u00e1ci\u00f3k<\/h2>\n<!-- \/wp:heading -->\n\n<!-- wp:heading {\"level\":3} -->\n<h3>Hogyan v\u00e9dj\u00fck a felhaszn\u00e1l\u00f3i szem\u00e9lyes adatokat<\/h3>\n<!-- \/wp:heading -->\n\n<!-- wp:heading {\"level\":3} -->\n<h3>\u00c9rv\u00e9nyben l\u00e9v\u0151 elj\u00e1r\u00e1sok adatkezel\u00e9si s\u00e9relmek eset\u00e9n<\/h3>\n<!-- \/wp:heading -->\n\n<!-- wp:heading {\"level\":3} -->\n<h3>Milyen harmadik f\u00e9lt\u0151l sz\u00e1rmaz\u00f3 adatokat kapunk<\/h3>\n<!-- \/wp:heading -->\n\n<!-- wp:heading {\"level\":3} -->\n<h3>Milyen automatiz\u00e1lt d\u00f6nt\u00e9shozatalt \u00e9s\/vagy profilalkot\u00e1st v\u00e9gz\u00fcnk a felhaszn\u00e1l\u00f3i adatokkal<\/h3>\n<!-- \/wp:heading -->\n\n<!-- wp:heading {\"level\":3} -->\n<h3>Szab\u00e1lyozott ipar\u00e1g k\u00f6zz\u00e9t\u00e9teli k\u00f6vetelm\u00e9nyei<\/h3>\n<!-- \/wp:heading -->","_et_gb_content_width":"","footnotes":""},"class_list":["post-226834","page","type-page","status-publish","hentry"],"yoast_head":"<!-- This site is optimized with the Yoast SEO plugin v26.7 - https:\/\/yoast.com\/wordpress\/plugins\/seo\/ -->\n<title>ADATV\u00c9DELMI T\u00c1J\u00c9KOZTAT\u00d3 \u00c9S NYILATKOZAT - Gaia Otthon<\/title>\n<meta name=\"robots\" content=\"index, follow, max-snippet:-1, max-image-preview:large, max-video-preview:-1\" \/>\n<link rel=\"canonical\" href=\"https:\/\/gaiaszive.hu\/?page_id=226834\" \/>\n<meta property=\"og:locale\" content=\"hu_HU\" \/>\n<meta property=\"og:type\" content=\"article\" \/>\n<meta property=\"og:title\" content=\"ADATV\u00c9DELMI T\u00c1J\u00c9KOZTAT\u00d3 \u00c9S NYILATKOZAT - Gaia Otthon\" \/>\n<meta property=\"og:description\" content=\"Adatv\u00e9delmi Nyilatkozat Hat\u00e1lyos: 2025. m\u00e1jus 21-t\u0151lWeboldal: https:\/\/gaiaotthon.hu Adatkezel\u0151k A weboldal \u00fczemeltet\u0151je \u00e9s adatkezel\u0151je:Gaia Otthon Kft.Sz\u00e9khely: 6000 Kecskem\u00e9t, F\u00e1klya utca 8. 1. em. 2.Ad\u00f3sz\u00e1m: 27319291-2-03C\u00e9gjegyz\u00e9ksz\u00e1m: 03 09 133417E-mail: iroda@gaiaotthon.huTelefon: +36 20 957 5288K\u00e9pviseli: T\u00f3th S\u00e1ndor \u00fcgyvezet\u0151 Kezelt szem\u00e9lyes adatok k\u00f6re A weboldalon kereszt\u00fcl kiz\u00e1r\u00f3lag a felhaszn\u00e1l\u00f3k \u00f6nk\u00e9ntes megad\u00e1s\u00e1val t\u00f6rt\u00e9nik adatgy\u0171jt\u00e9s, p\u00e9ld\u00e1ul: n\u00e9v, e-mail c\u00edm, telefonsz\u00e1m (kapcsolatfelv\u00e9tel [&hellip;]\" \/>\n<meta property=\"og:url\" content=\"https:\/\/gaiaszive.hu\/?page_id=226834\" \/>\n<meta property=\"og:site_name\" content=\"Gaia Otthon\" \/>\n<meta property=\"article:publisher\" content=\"https:\/\/www.facebook.com\/gaiaotthon\" \/>\n<meta property=\"article:modified_time\" content=\"2025-06-16T10:16:41+00:00\" \/>\n<meta name=\"twitter:card\" content=\"summary_large_image\" \/>\n<meta name=\"twitter:label1\" content=\"Becs\u00fclt olvas\u00e1si id\u0151\" \/>\n\t<meta name=\"twitter:data1\" content=\"2 perc\" \/>\n<script type=\"application\/ld+json\" class=\"yoast-schema-graph\">{\"@context\":\"https:\/\/schema.org\",\"@graph\":[{\"@type\":\"WebPage\",\"@id\":\"https:\/\/gaiaszive.hu\/?page_id=226834\",\"url\":\"https:\/\/gaiaszive.hu\/?page_id=226834\",\"name\":\"ADATV\u00c9DELMI T\u00c1J\u00c9KOZTAT\u00d3 \u00c9S NYILATKOZAT - Gaia Otthon\",\"isPartOf\":{\"@id\":\"https:\/\/gaiaszive.hu\/#website\"},\"datePublished\":\"2021-01-10T09:33:04+00:00\",\"dateModified\":\"2025-06-16T10:16:41+00:00\",\"breadcrumb\":{\"@id\":\"https:\/\/gaiaszive.hu\/?page_id=226834#breadcrumb\"},\"inLanguage\":\"hu\",\"potentialAction\":[{\"@type\":\"ReadAction\",\"target\":[\"https:\/\/gaiaszive.hu\/?page_id=226834\"]}]},{\"@type\":\"BreadcrumbList\",\"@id\":\"https:\/\/gaiaszive.hu\/?page_id=226834#breadcrumb\",\"itemListElement\":[{\"@type\":\"ListItem\",\"position\":1,\"name\":\"Kezd\u0151lap\",\"item\":\"https:\/\/gaiaszive.hu\/\"},{\"@type\":\"ListItem\",\"position\":2,\"name\":\"ADATV\u00c9DELMI T\u00c1J\u00c9KOZTAT\u00d3 \u00c9S NYILATKOZAT\"}]},{\"@type\":\"WebSite\",\"@id\":\"https:\/\/gaiaszive.hu\/#website\",\"url\":\"https:\/\/gaiaszive.hu\/\",\"name\":\"Gaia Otthon\",\"description\":\"Gener\u00e1lkivitelez\u00e9s | Ingatlan\u00e9rt\u00e9kes\u00edt\u00e9s\",\"publisher\":{\"@id\":\"https:\/\/gaiaszive.hu\/#organization\"},\"potentialAction\":[{\"@type\":\"SearchAction\",\"target\":{\"@type\":\"EntryPoint\",\"urlTemplate\":\"https:\/\/gaiaszive.hu\/?s={search_term_string}\"},\"query-input\":{\"@type\":\"PropertyValueSpecification\",\"valueRequired\":true,\"valueName\":\"search_term_string\"}}],\"inLanguage\":\"hu\"},{\"@type\":\"Organization\",\"@id\":\"https:\/\/gaiaszive.hu\/#organization\",\"name\":\"Gaia Otthon\",\"url\":\"https:\/\/gaiaszive.hu\/\",\"logo\":{\"@type\":\"ImageObject\",\"inLanguage\":\"hu\",\"@id\":\"https:\/\/gaiaszive.hu\/#\/schema\/logo\/image\/\",\"url\":\"https:\/\/gaiaotthon.hu\/wp-content\/uploads\/2020\/11\/gaiaotthon_gaiaszive.png\",\"contentUrl\":\"https:\/\/gaiaotthon.hu\/wp-content\/uploads\/2020\/11\/gaiaotthon_gaiaszive.png\",\"width\":700,\"height\":154,\"caption\":\"Gaia Otthon\"},\"image\":{\"@id\":\"https:\/\/gaiaszive.hu\/#\/schema\/logo\/image\/\"},\"sameAs\":[\"https:\/\/www.facebook.com\/gaiaotthon\"]}]}<\/script>\n<!-- \/ Yoast SEO plugin. -->","yoast_head_json":{"title":"ADATV\u00c9DELMI T\u00c1J\u00c9KOZTAT\u00d3 \u00c9S NYILATKOZAT - Gaia Otthon","robots":{"index":"index","follow":"follow","max-snippet":"max-snippet:-1","max-image-preview":"max-image-preview:large","max-video-preview":"max-video-preview:-1"},"canonical":"https:\/\/gaiaszive.hu\/?page_id=226834","og_locale":"hu_HU","og_type":"article","og_title":"ADATV\u00c9DELMI T\u00c1J\u00c9KOZTAT\u00d3 \u00c9S NYILATKOZAT - Gaia Otthon","og_description":"Adatv\u00e9delmi Nyilatkozat Hat\u00e1lyos: 2025. m\u00e1jus 21-t\u0151lWeboldal: https:\/\/gaiaotthon.hu Adatkezel\u0151k A weboldal \u00fczemeltet\u0151je \u00e9s adatkezel\u0151je:Gaia Otthon Kft.Sz\u00e9khely: 6000 Kecskem\u00e9t, F\u00e1klya utca 8. 1. em. 2.Ad\u00f3sz\u00e1m: 27319291-2-03C\u00e9gjegyz\u00e9ksz\u00e1m: 03 09 133417E-mail: iroda@gaiaotthon.huTelefon: +36 20 957 5288K\u00e9pviseli: T\u00f3th S\u00e1ndor \u00fcgyvezet\u0151 Kezelt szem\u00e9lyes adatok k\u00f6re A weboldalon kereszt\u00fcl kiz\u00e1r\u00f3lag a felhaszn\u00e1l\u00f3k \u00f6nk\u00e9ntes megad\u00e1s\u00e1val t\u00f6rt\u00e9nik adatgy\u0171jt\u00e9s, p\u00e9ld\u00e1ul: n\u00e9v, e-mail c\u00edm, telefonsz\u00e1m (kapcsolatfelv\u00e9tel [&hellip;]","og_url":"https:\/\/gaiaszive.hu\/?page_id=226834","og_site_name":"Gaia Otthon","article_publisher":"https:\/\/www.facebook.com\/gaiaotthon","article_modified_time":"2025-06-16T10:16:41+00:00","twitter_card":"summary_large_image","twitter_misc":{"Becs\u00fclt olvas\u00e1si id\u0151":"2 perc"},"schema":{"@context":"https:\/\/schema.org","@graph":[{"@type":"WebPage","@id":"https:\/\/gaiaszive.hu\/?page_id=226834","url":"https:\/\/gaiaszive.hu\/?page_id=226834","name":"ADATV\u00c9DELMI T\u00c1J\u00c9KOZTAT\u00d3 \u00c9S NYILATKOZAT - Gaia Otthon","isPartOf":{"@id":"https:\/\/gaiaszive.hu\/#website"},"datePublished":"2021-01-10T09:33:04+00:00","dateModified":"2025-06-16T10:16:41+00:00","breadcrumb":{"@id":"https:\/\/gaiaszive.hu\/?page_id=226834#breadcrumb"},"inLanguage":"hu","potentialAction":[{"@type":"ReadAction","target":["https:\/\/gaiaszive.hu\/?page_id=226834"]}]},{"@type":"BreadcrumbList","@id":"https:\/\/gaiaszive.hu\/?page_id=226834#breadcrumb","itemListElement":[{"@type":"ListItem","position":1,"name":"Kezd\u0151lap","item":"https:\/\/gaiaszive.hu\/"},{"@type":"ListItem","position":2,"name":"ADATV\u00c9DELMI T\u00c1J\u00c9KOZTAT\u00d3 \u00c9S NYILATKOZAT"}]},{"@type":"WebSite","@id":"https:\/\/gaiaszive.hu\/#website","url":"https:\/\/gaiaszive.hu\/","name":"Gaia Otthon","description":"Gener\u00e1lkivitelez\u00e9s | Ingatlan\u00e9rt\u00e9kes\u00edt\u00e9s","publisher":{"@id":"https:\/\/gaiaszive.hu\/#organization"},"potentialAction":[{"@type":"SearchAction","target":{"@type":"EntryPoint","urlTemplate":"https:\/\/gaiaszive.hu\/?s={search_term_string}"},"query-input":{"@type":"PropertyValueSpecification","valueRequired":true,"valueName":"search_term_string"}}],"inLanguage":"hu"},{"@type":"Organization","@id":"https:\/\/gaiaszive.hu\/#organization","name":"Gaia Otthon","url":"https:\/\/gaiaszive.hu\/","logo":{"@type":"ImageObject","inLanguage":"hu","@id":"https:\/\/gaiaszive.hu\/#\/schema\/logo\/image\/","url":"https:\/\/gaiaotthon.hu\/wp-content\/uploads\/2020\/11\/gaiaotthon_gaiaszive.png","contentUrl":"https:\/\/gaiaotthon.hu\/wp-content\/uploads\/2020\/11\/gaiaotthon_gaiaszive.png","width":700,"height":154,"caption":"Gaia Otthon"},"image":{"@id":"https:\/\/gaiaszive.hu\/#\/schema\/logo\/image\/"},"sameAs":["https:\/\/www.facebook.com\/gaiaotthon"]}]}},"_links":{"self":[{"href":"https:\/\/gaiaszive.hu\/index.php?rest_route=\/wp\/v2\/pages\/226834","targetHints":{"allow":["GET"]}}],"collection":[{"href":"https:\/\/gaiaszive.hu\/index.php?rest_route=\/wp\/v2\/pages"}],"about":[{"href":"https:\/\/gaiaszive.hu\/index.php?rest_route=\/wp\/v2\/types\/page"}],"author":[{"embeddable":true,"href":"https:\/\/gaiaszive.hu\/index.php?rest_route=\/wp\/v2\/users\/1"}],"replies":[{"embeddable":true,"href":"https:\/\/gaiaszive.hu\/index.php?rest_route=%2Fwp%2Fv2%2Fcomments&post=226834"}],"version-history":[{"count":7,"href":"https:\/\/gaiaszive.hu\/index.php?rest_route=\/wp\/v2\/pages\/226834\/revisions"}],"predecessor-version":[{"id":227679,"href":"https:\/\/gaiaszive.hu\/index.php?rest_route=\/wp\/v2\/pages\/226834\/revisions\/227679"}],"wp:attachment":[{"href":"https:\/\/gaiaszive.hu\/index.php?rest_route=%2Fwp%2Fv2%2Fmedia&parent=226834"}],"curies":[{"name":"wp","href":"https:\/\/api.w.org\/{rel}","templated":true}]}}